{"id":3603,"date":"2017-08-07T16:55:03","date_gmt":"2017-08-07T14:55:03","guid":{"rendered":"https:\/\/innovair.org\/viktiga-handelser\/"},"modified":"2022-06-08T11:49:37","modified_gmt":"2022-06-08T09:49:37","slug":"events-archive","status":"publish","type":"page","link":"https:\/\/innovair.org\/en\/events-archive\/","title":{"rendered":"Events archive"},"content":{"rendered":"[vc_row type=&#8221;in_container&#8221; full_screen_row_position=&#8221;middle&#8221; column_margin=&#8221;default&#8221; column_direction=&#8221;default&#8221; column_direction_tablet=&#8221;default&#8221; column_direction_phone=&#8221;default&#8221; scene_position=&#8221;center&#8221; text_color=&#8221;dark&#8221; text_align=&#8221;left&#8221; row_border_radius=&#8221;none&#8221; row_border_radius_applies=&#8221;bg&#8221; overlay_strength=&#8221;0.3&#8243; gradient_direction=&#8221;left_to_right&#8221; shape_divider_position=&#8221;bottom&#8221; bg_image_animation=&#8221;none&#8221;][vc_column column_padding=&#8221;no-extra-padding&#8221; column_padding_tablet=&#8221;inherit&#8221; column_padding_phone=&#8221;inherit&#8221; column_padding_position=&#8221;all&#8221; background_color_opacity=&#8221;1&#8243; background_hover_color_opacity=&#8221;1&#8243; column_shadow=&#8221;none&#8221; column_border_radius=&#8221;none&#8221; column_link_target=&#8221;_self&#8221; gradient_direction=&#8221;left_to_right&#8221; overlay_strength=&#8221;0.3&#8243; width=&#8221;1\/6&#8243; tablet_width_inherit=&#8221;default&#8221; tablet_text_alignment=&#8221;default&#8221; phone_text_alignment=&#8221;default&#8221; column_border_width=&#8221;none&#8221; column_border_style=&#8221;solid&#8221; bg_image_animation=&#8221;none&#8221;][\/vc_column][vc_column column_padding=&#8221;no-extra-padding&#8221; column_padding_tablet=&#8221;inherit&#8221; column_padding_phone=&#8221;inherit&#8221; column_padding_position=&#8221;all&#8221; background_color_opacity=&#8221;1&#8243; background_hover_color_opacity=&#8221;1&#8243; column_shadow=&#8221;none&#8221; column_border_radius=&#8221;none&#8221; column_link_target=&#8221;_self&#8221; gradient_direction=&#8221;left_to_right&#8221; overlay_strength=&#8221;0.3&#8243; width=&#8221;2\/3&#8243; tablet_width_inherit=&#8221;default&#8221; tablet_text_alignment=&#8221;default&#8221; phone_text_alignment=&#8221;default&#8221; column_border_width=&#8221;none&#8221; column_border_style=&#8221;solid&#8221; bg_image_animation=&#8221;none&#8221;][vc_column_text]\n<h1>Events archive<\/h1>\n[\/vc_column_text][divider line_type=&#8221;Full Width Line&#8221; line_thickness=&#8221;1&#8243; divider_color=&#8221;default&#8221; custom_height=&#8221;50&#8243;][vc_column_text]\n<h2>2021<\/h2>\n<ul>\n<li><a href=\"https:\/\/innovair.org\/dokument\/innovair-nyhetsbrev\/\">Innovair nyhetsbrev 21-Q4<\/a><\/li>\n<li><a href=\"https:\/\/innovair.org\/2021\/12\/01\/clean-aviation-takes-off\/\">Clean Aviation takes off!<\/a><\/li>\n<li><a href=\"https:\/\/innovair.org\/innovairs-arskonferens-2021\/\">Innovair \u00e5rskonferens 10 November 2021 \u2013 presentationer<\/a><\/li>\n<li><a href=\"https:\/\/innovair.org\/2021\/10\/03\/10th-brazilian-swedish-workshop-in-aeronautics-october-26-save-the-date\/\">10th Brazilian-Swedish Workshop in Aeronautics \u2013 October 26 OPEN FOR REGISTRATION<\/a><\/li>\n<li><a href=\"https:\/\/innovair.org\/2021\/10\/12\/webinar-om-strategisk-innovation-27-oktober\/\">Webinar 27 oktober om strategisk innovation<\/a><\/li>\n<li><a href=\"https:\/\/innovair.org\/dokument\/innovair-nyhetsbrev\/\">Innovair nyhetsbrev 21-Q3<\/a><\/li>\n<li><a href=\"https:\/\/innovair.org\/2021\/09\/03\/smf-flyg-utlysning-hosten-2021-cfp-autumn-2021\/\">SMF Flyg &#8211; utlysning h\u00f6sten 2021<\/a><\/li>\n<li><a href=\"https:\/\/innovair.org\/2021\/07\/14\/icas-2022-call-for-papers\/\">Call for Papers ICAS 2022 in Stockholm<\/a><\/li>\n<li><span lang=\"EN-US\"><a href=\"https:\/\/innovair.org\/2021\/07\/14\/rapport-fran-transportstyrelsen-state-action-plan-on-co2-emissions\/\">Swedish state action plan on CO2 emissions<\/a><\/span><\/li>\n<li><a href=\"https:\/\/innovair.org\/2021\/06\/30\/sip-innovair-far-fortsatt-finansiering-fran-vinnova\/\">SIP Innovair f\u00e5r fortsatt finansiering<\/a><\/li>\n<li><a href=\"https:\/\/innovair.org\/2021\/06\/03\/saab-aviation-webinar-8-june-2021\/\">Saab Aviation Webinar &#8211; June 8<\/a><\/li>\n<li><a href=\"https:\/\/innovair.org\/2021\/05\/29\/ceas-women-in-aerospace-conference-25-june\/\">CEAS Women in Aerospace Conference<\/a><\/li>\n<li><a href=\"https:\/\/innovair.org\/2021\/05\/27\/new-podcast-from-saab-and-imperial-college\/\">New podcast from Saab and Imperial College<\/a><\/li>\n<li><a href=\"https:\/\/innovair.org\/2021\/05\/07\/gkn-leverans-till-rolls-royce-ultrafan-demonstrator\/\">Leverans fr\u00e5n GKN Aerospace till Rolls Royce UltraFan\u2122 demonstrator<\/a><\/li>\n<li><a href=\"https:\/\/innovair.org\/2021\/04\/29\/oppna-innovationsmiljoer-for-produktionsutveckling-i-sverige\/\">\u00d6ppna innovationsmilj\u00f6er f\u00f6r produktionsutveckling<\/a><\/li>\n<li><a href=\"https:\/\/innovair.org\/2021\/04\/23\/teknikspranget-stimulans-for-att-soka-till-ingenjorsyrket\/\">Teknikspr\u00e5nget \u2013 en v\u00e4g till ingenj\u00f6rsyrket<\/a><\/li>\n<li><a href=\"https:\/\/innovair.org\/2021\/03\/30\/saab-testar-3d-printad-reservdel-pa-gripen\/\">Gripen fl\u00f6g med 3D-printad reservdel<\/a><\/li>\n<li><a href=\"https:\/\/innovair.org\/dokument\/innovair-nyhetsbrev\/\">Innovair nyhetsbrev 2021-Q1<\/a><\/li>\n<li><a href=\"https:\/\/innovair.org\/2021\/03\/11\/acs-forsta-arskonferens\/\">ACS \u00e5rskonferens 10 mars \u2013 presentationer tillg\u00e4ngliga<\/a><\/li>\n<li><a href=\"https:\/\/innovair.org\/2021\/02\/17\/smf-flyg-utlysning-varen-2021-cfp-spring-2021\/\">SMF Flyg utlysning v\u00e5ren 2021<\/a><\/li>\n<li><a href=\"https:\/\/innovair.org\/2021\/02\/01\/historisk-expose-over-svensk-flygforskning-och-teknikutveckling\/\">Svensk flygforskning och teknikutveckling &#8211; en historisk expos\u00e9<\/a><\/li>\n<li><a href=\"https:\/\/innovair.org\/2021\/02\/16\/trafikverkets-luftfartsportfolj-forskning-och-innovationsdag-31-mars\/\">Trafikverkets luftfartsportf\u00f6lj &#8211; 31 mars<\/a><\/li>\n<li><a href=\"https:\/\/innovair.org\/2021\/02\/03\/sarc-barinet-aerospace-competition-webpage\/\">SARC-BARINet Aerospace Competition<\/a><\/li>\n<li><a href=\"https:\/\/innovair.org\/2021\/01\/28\/gkn-aerospace-hydrogen-propulsion-system-for-aircraft\/\">GKN Aerospace &#8211; hydrogen propulsion<\/a><\/li>\n<li><a href=\"https:\/\/innovair.org\/2021\/01\/28\/nlr-webinar-february-4-the-future-is-circular\/\">NLR free webinar February 4th<\/a><\/li>\n<li><a href=\"https:\/\/innovair.org\/2021\/01\/15\/gkn-och-saab-pa-ige-day\/\">GKN och Saab medverkar p\u00e5 IGE Day<\/a><\/li>\n<li><a href=\"https:\/\/innovair.org\/2020\/12\/16\/vinnova-har-publicerat-sip-utvarderingen-2020\/\">SIP Innovair har utv\u00e4rderats<\/a><\/li>\n<li><a href=\"https:\/\/innovair.org\/2020\/12\/02\/webbinarium-om-vatgasflyg-2-december-lyssna-i-efterhand\/\">Webbinarium v\u00e4tgasflyg 2\/12 \u2013 lyssna i efterhand<\/a><\/li>\n<li><a href=\"https:\/\/innovair.org\/dokument\/innovair-nyhetsbrev\/\">Innovair nyhetsbrev 2020-Q4<\/a><\/li>\n<li><a href=\"https:\/\/innovair.org\/2020\/11\/24\/aerospace-cluster-sweden-acs-inbjuder-till-3-digitala-moten-med-temat-hallbart-flyg\/\">ACS inbjuder till digitala m\u00f6ten om H\u00e5llbart flyg<\/a><\/li>\n<li><a href=\"https:\/\/innovair.org\/2020\/11\/17\/clean-sky-and-sweden-delivering-climate-neutral-aviation-together\/\">Clean Sky and Sweden<\/a><\/li>\n<li><a href=\"https:\/\/innovair.org\/2020\/11\/20\/projekt-springboard-en-satsning-av-region-vastra-gotaland-vid-ptc-trollhattan\/\">Projekt Springboard \u2013 PTC Trollh\u00e4ttan<\/a><\/li>\n<li><a href=\"https:\/\/innovair.org\/2020\/11\/04\/icas-2022-hemsida-och-partnerprospekt\/\">ICAS 2022 website is open <\/a><\/li>\n<li><a href=\"https:\/\/innovair.org\/2020\/10\/01\/innovair-arskonferens-29-oktober-save-the-date\/\">Innovair \u00e5rskonferens 29 oktober \u2013 Presentationer tillg\u00e4ngliga<\/a><\/li>\n<li><a href=\"https:\/\/innovair.org\/2020\/10\/25\/dn-artikel-25-oktober-om-vatgasdrift\/\">Artikel om v\u00e4tgasdrift<\/a><\/li>\n<li><a href=\"https:\/\/innovair.org\/2020\/02\/24\/isabe-2021-call-for-papers\/\">ISABE 2021 senarel\u00e4ggs till september 2022<\/a><\/li>\n<\/ul>\n[\/vc_column_text][divider line_type=&#8221;Full Width Line&#8221; line_thickness=&#8221;1&#8243; divider_color=&#8221;default&#8221; custom_height=&#8221;50&#8243;][vc_column_text]\n<h2>2020<\/h2>\n<ul>\n<li><a href=\"https:\/\/innovair.org\/2020\/10\/23\/sarc-annual-meeting-and-sarc-barinet-workshop\/\">SARC Annual Meeting and SARC-BARINet Workshop<\/a><\/li>\n<li><a href=\"https:\/\/innovair.org\/2020\/10\/21\/saab-received-innovation-award-from-airbus\/\">Saab received Innovation Award from Airbus<\/a><\/li>\n<li><a href=\"https:\/\/innovair.org\/2020\/10\/19\/uk-sweden-aerospace-call-2020-projects-funded\/\">UK-Sweden Aerospace Call 2020 \u2013 projects funded<\/a><\/li>\n<li><a href=\"https:\/\/innovair.org\/2020\/10\/16\/raes-virtual-events-october-november-2020\/\">RAeS virtual events October-November 2020<\/a><\/li>\n<li><a href=\"https:\/\/innovair.org\/2020\/10\/07\/trafikanalys-rapport-om-elflyg\/\">Rapport om elflyg fr\u00e5n Trafikanalys<\/a><\/li>\n<li><a href=\"https:\/\/innovair.org\/2020\/09\/22\/airbus-presenterar-konceptflygplan-baserade-pa-vatgasdrift\/\">Airbus presenterar konceptflygplan f\u00f6r v\u00e4tgasdrift<\/a><\/li>\n<li><a href=\"https:\/\/innovair.org\/2020\/10\/04\/erea-position-paper-accelerating-transition-towards-climate-neutral-aviation\/\">EREA position paper on \u201dtransition towards climate neutral aviation\u201d<\/a><\/li>\n<li><a href=\"https:\/\/innovair.org\/2020\/10\/01\/rise-workshop-13-october-composite-technology-in-sweden-test-and-demo-capabilities\/\">RISE Workshop 13 October &#8211; Composite technology in Sweden<\/a><\/li>\n<li><a href=\"https:\/\/innovair.org\/2020\/09\/28\/centrum-for-hallbar-luftfart-csa-workshop-12-oktober\/\">Centrum f\u00f6r H\u00e5llbar Luftfart (CSA) workshop 12 oktober<\/a><\/li>\n<li><a href=\"https:\/\/innovair.org\/2019\/11\/05\/sarc-annual-meeting-2020-together-with-ecats-conference\/\">New message about SARC Annual Meeting &amp; ECATS Conference<\/a><\/li>\n<li><a href=\"https:\/\/innovair.org\/2020\/09\/03\/clean-aviation-partnerships-and-sria\/\">Clean Aviation partnerships and SRIA<\/a><\/li>\n<li><a href=\"https:\/\/innovair.org\/2020\/07\/23\/gkn-aerospace-sweden-i-internationellt-samarbete-om-nasta-generations-stridsflygmotor\/\">GKN i samarbete om n\u00e4sta generations stridsflygmotor<\/a><\/li>\n<li><a href=\"https:\/\/innovair.org\/2020\/07\/21\/saab-to-create-fcas-centre-in-the-uk\/\">Saab to create FCAS centre in the UK<\/a><\/li>\n<li><a href=\"https:\/\/innovair.org\/2020\/07\/02\/clean-aviation-new-webpage\/\">Clean Aviation &#8211; new webpage<\/a><\/li>\n<li><a href=\"https:\/\/innovair.org\/2020\/07\/01\/chalmers-leder-nytt-cleansky-projekt-om-digitala-konstruktionsmodeller\/\">Chalmers leder nytt CleanSky projekt<\/a><\/li>\n<li><a href=\"https:\/\/innovair.org\/2020\/06\/26\/digi-demo-day-2020-17-september-digitalt\/\">Digi Demo Day 2020<\/a><\/li>\n<li><a href=\"https:\/\/innovair.org\/dokument\/innovair-nyhetsbrev\/\">Innovair nyhetsbrev 2020-Q2<\/a><\/li>\n<li><a href=\"https:\/\/innovair.org\/2020\/05\/15\/clean-sky-highlights-2019\/\">Clean Sky Highlights 2019<\/a><\/li>\n<li><a href=\"https:\/\/innovair.org\/2020\/05\/12\/fyra-perspektiv-pa-flyg\/\">Fyra perspektiv p\u00e5 flyg<\/a><\/li>\n<li><a href=\"https:\/\/innovair.org\/2020\/05\/06\/ny-innovair-rapport-ai-och-digitalisering-i-framtida-flygsystem\/\">AI och digitalisering i framtida flygsystem<\/a><\/li>\n<li><a href=\"https:\/\/innovair.org\/2020\/05\/02\/flygprov-med-saabs-ny-aesa-radar\/\">Flygprov med Saabs nya AESA-radar<\/a><\/li>\n<li><a href=\"https:\/\/innovair.org\/2020\/04\/29\/webinar-se-uk-call-april-22-presentations\">SE-UK webinar April 22 &#8211; presentations<\/a><\/li>\n<li><a href=\"https:\/\/innovair.org\/2020\/04\/28\/gkn-i-trollhattan-firar-90-ar\/\">GKN i Trollh\u00e4ttan firar 90 \u00e5r!<\/a><\/li>\n<li><a href=\"https:\/\/innovair.org\/2020\/03\/12\/ny-utlysning-se-uk-inom-flygteknik\/\">Utlysning SE-UK inom flygteknik <\/a><\/li>\n<li><a href=\"https:\/\/innovair.org\/2020\/04\/03\/clean-sky-2-results-stories\/\">Clean Sky Nyheter April 2020<\/a><\/li>\n<li><a href=\"https:\/\/innovair.org\/dokument\/innovair-nyhetsbrev\/\">Innovair nyhetsbrev 2020-Q1<\/a><\/li>\n<li><a href=\"https:\/\/innovair.org\/2019\/11\/05\/sarc-annual-meeting-2020-together-with-ecats-conference\/\">SARC Annual meeting 2020 \u2013 POSTPONED UNTIL 13-15 OCTOBER<\/a><\/li>\n<li><a href=\"https:\/\/innovair.org\/2020\/02\/24\/isabe-2021-call-for-papers\/\">ISABE 2021 &#8211; Call for Papers<\/a><\/li>\n<li><a href=\"https:\/\/innovair.org\/2020\/02\/18\/smf-flyg-utlysning-varen-2020-cfp-spring-2020\/\">SMF-Flyg Utlysning v\u00e5ren 2020<\/a><\/li>\n<li><a href=\"https:\/\/innovair.org\/nria-flyg\/nria-flyg-2020\/\">NRIA Flyg 2020 \u00e4r nu publicerad<\/a><\/li>\n<li><a href=\"https:\/\/innovair.org\/2020\/01\/29\/event-in-linkoping-march-12-business-opportunities-in-the-british-aerospace-sector\/\">SE\/UK event i Link\u00f6ping 12 mars &#8211; CANCELLED<\/a><\/li>\n<li><a href=\"https:\/\/innovair.org\/2020\/01\/29\/gkn-deltar-i-eu-projekt-om-hybrid-electric-propulsion-imothep\/\">GKN deltar i EU-projekt om elhybridflyg<\/a><\/li>\n<li><a href=\"https:\/\/innovair.org\/2020\/01\/15\/motorunderhall-av-jas39e-till-gkn-i-trollhattan\/\">GKN tar hand om motorunderh\u00e5llet f\u00f6r Gripen E<\/a><\/li>\n<\/ul>\n[\/vc_column_text][divider line_type=&#8221;Full Width Line&#8221; line_thickness=&#8221;1&#8243; divider_color=&#8221;default&#8221; custom_height=&#8221;50&#8243;][vc_column_text]\n<h2>2019<\/h2>\n<ul>\n<li><a href=\"https:\/\/innovair.org\/2019\/12\/06\/se-uk-collaboration-next-steps\/\">SE-UK collaboration next steps<\/a><\/li>\n<li><a href=\"https:\/\/innovair.org\/dokument\/innovair-nyhetsbrev\/\">Innovair nyhetsbrev 2019-Q4<\/a><\/li>\n<li><a href=\"https:\/\/innovair.org\/2019\/11\/17\/icas-2020-congress-in-shanghai-china-14-18-september-2020\/\">ICAS 2020 Congress in Shanghai, China September 2020<\/a><\/li>\n<li><a href=\"https:\/\/innovair.org\/2019\/11\/21\/save-the-date-12-march-2020-business-opportunities-in-the-uk-aerospace-sector\/\">Save the date 12 March 2020 \u2013 Business opportunities with UK<\/a><\/li>\n<li><a href=\"https:\/\/innovair.org\/2019\/10\/10\/ft2019-aerospace-technology-congress-plenary-lectures-available\/\">FT2019 Congress &#8211; Plenary Lectures &amp; Technical Presentations available<\/a><\/li>\n<li><a href=\"https:\/\/innovair.org\/2019\/11\/05\/fatigue-of-aircraft-structures-warsaw-conference-january-2020\/\">Fatigue of Aircraft Structures &#8211; Conference January 2020<\/a><\/li>\n<li><a href=\"https:\/\/innovair.org\/2019\/10\/26\/intdemo-utlysningen-ar-nu-oppen\/\">Utlysning IntDemo-programmet<\/a><\/li>\n<li><a href=\"https:\/\/innovair.org\/2019\/10\/25\/innovair-svenskt-flyg-synpunkter-pa-forskningspolitik\/\">Innovair\/Svenskt Flyg synpunkter p\u00e5 forskningspolitik<\/a><\/li>\n<li><a href=\"https:\/\/www.youtube.com\/watch?v=aISTaL4T4y4\">Webcast from 10 October: Brazilian-Swedish Aeronautics Workshop 8<\/a><\/li>\n<li><a href=\"https:\/\/innovair.org\/2019\/10\/28\/sip-lighter-international-conference-nov-20-21\/\">SIP-LIGHTer International Conference<\/a><\/li>\n<li><a href=\"https:\/\/innovair.org\/2019\/10\/14\/icas-forum-on-digital-transformation-in-aerospace\/\">ICAS on Digital Transformation in Aerospace<\/a><\/li>\n<li><a href=\"https:\/\/innovair.org\/2019\/10\/07\/swedish-aeronautics-space-seminar-2019-brussels-17-october\/\">Swedish Aeronautics &amp; Space Seminar 2019 in Brussels 17 October<\/a><\/li>\n<li><a href=\"https:\/\/innovair.org\/innovairs-arskonferens-2019\/\">Innovairs \u00e5rskonferens 2019 &#8211; referat, presentationer &amp; bilder<\/a><\/li>\n<li><a href=\"https:\/\/innovair.org\/2019\/10\/02\/ati-konferens-i-birmingham-19-20-november-2019\/\">ATI-konferens i Birmingham 19-20 november<\/a><\/li>\n<li><a href=\"https:\/\/innovair.org\/2019\/08\/26\/brazilian-swedish-workshop-8-on-aeronautics-10-october-2019\/\">Brazilian-Swedish Aeronautics Workshop 8 &#8211; October 10<\/a><\/li>\n<li><a href=\"https:\/\/innovair.org\/2019\/09\/17\/csa-workshop-om-flygbuller-10-oktober\/\">CSA workshop om Flygbuller 10 oktober<\/a><\/li>\n<li><a href=\"https:\/\/innovair.org\/2019\/09\/27\/workshop-inom-kollaborativ-automation-med-fokus-pa-komposittillverkning-7-november-i-linkoping\/\">SVIFFT workshop inom kollaborativ automation 7\/11<\/a><\/li>\n<li><a href=\"https:\/\/innovair.org\/2019\/09\/25\/saab-in-award-winning-european-project\/\">Saab in award winning European project<\/a><\/li>\n<li><a href=\"https:\/\/innovair.org\/2019\/08\/23\/ft-2019-updated-plenary-program\/\">FT2019 &#8211; updated Plenary Program<\/a><\/li>\n<li><a href=\"https:\/\/innovair.org\/2019\/08\/19\/smf-flyg-utlysning-ht-2019\/\">SMF Flyg utlysning HT 2019<\/a><\/li>\n<li><a href=\"https:\/\/innovair.org\/2019\/07\/20\/se-uk-avtal-om-utveckling-av-framtida-stridsflygsformaga\/\">SE-UK avtal om utveckling av framtida stridsflygsf\u00f6rm\u00e5ga<\/a><\/li>\n<li><a href=\"https:\/\/innovair.org\/2019\/07\/10\/frukostseminarium-29-8-flyg-innovation\/\">Frukostseminarium 29\/8 &#8211; Flyg-innovation<\/a><\/li>\n<li><a href=\"https:\/\/innovair.org\/2019\/06\/24\/ft2919-preliminary-congress-programme\/\">FT2019 Congress Programme<\/a><\/li>\n<li><a href=\"https:\/\/innovair.org\/2019\/06\/18\/gkn-utokar-sin-affar-med-pratt-whitney\/\">GKN ut\u00f6kar sin aff\u00e4r med Pratt &amp; Whitney<\/a><\/li>\n<li><a href=\"https:\/\/innovair.org\/dokument\/innovair-nyhetsbrev\/\">Innovair nyhetsbrev 2019-Q2<\/a><\/li>\n<li><a href=\"https:\/\/innovair.org\/2019\/05\/30\/chalmers-i-nya-eu-projekt-inom-clean-sky\/\">Chalmers i nya projekt inom Clean Sky<\/a><\/li>\n<li><a href=\"https:\/\/innovair.org\/2019\/05\/15\/press-release-regarding-bilateral-uk-sweden-funding-call\/\">ATI press-release regarding UK-Sweden funding call<\/a><\/li>\n<li><a href=\"https:\/\/innovair.org\/2019\/05\/15\/smf-flyg-studieresa-till-glasgow-juni-2019\/\">SMF Flyg &#8211; Glasgow 12 juni<\/a><\/li>\n<li><a href=\"http:\/\/innovair.org\/dokument\/innovair-showcase\/\">Innovair showcases &#8211; nya exempel<\/a><\/li>\n<li><a href=\"https:\/\/innovair.org\/2019\/04\/25\/digidemoday-11-juni-2019-save-the-date\/\">DigiDemoDay 11 juni 2019<\/a><\/li>\n<li><a href=\"https:\/\/innovair.org\/2019\/04\/15\/thulinmedaljorer-2019-utsedda\/\">Thulinmedalj\u00f6rer 2019 utsedda<\/a><\/li>\n<li><a href=\"https:\/\/innovair.org\/dokument\/innovair-nyhetsbrev\/\">Innovair nyhetsbrev 2019-Q1<\/a><\/li>\n<li><a href=\"https:\/\/innovair.org\/2019\/03\/06\/smf-flyg-utlysning-2019\/\">SMF<\/a><a href=\"https:\/\/innovair.org\/2019\/03\/06\/smf-flyg-utlysning-2019\/\"> Flyg<\/a><a href=\"https:\/\/innovair.org\/2019\/03\/06\/smf-flyg-utlysning-2019\/\"> &#8211; utlysning 2019<\/a><\/li>\n<li><a href=\"https:\/\/innovair.org\/2019\/03\/05\/icas-2020-call-for-papers-abstracts-deadline-15-july-2019\/\">ICAS 2020 in Shanghai &#8211; Call for Papers<\/a><\/li>\n<li><a href=\"https:\/\/innovair.org\/2019\/02\/27\/sarc-annual-meeting-may-2-3-2019\/\">SARC Annual Meeting 2-3 May, 2019<\/a><\/li>\n<li><a href=\"https:\/\/innovair.org\/2018\/12\/19\/sweden-brazil-aeronautical-cooperation-video\/\">Watch a video about SWE-BRA aeronautical cooperation<\/a><\/li>\n<li><a href=\"https:\/\/innovair.org\/2018\/12\/16\/clean-sky-film-about-goals-and-results\/\">Watch a video about Clean Sky<\/a><\/li>\n<li><a href=\"https:\/\/innovair.org\/2019\/02\/22\/nffp7-utlysning-2\/\">NFFP7 &#8211; Utlysning 2 \u00e4r nu \u00f6ppen<\/a><\/li>\n<li><a href=\"https:\/\/innovair.org\/2019\/02\/04\/smf-flyg-workshop-linkoping-5-mars\/\">SMF Flyg workshop 5 mars \u2013 program\/anm\u00e4lan<\/a><\/li>\n<li><a href=\"https:\/\/innovair.org\/2019\/02\/02\/utlysning-fran-kth-centrum-for-hallbar-luftfart\/\">Utlysning &#8211; KTH Centrum f\u00f6r H\u00e5llbar Luftfart<\/a><\/li>\n<li><a href=\"https:\/\/innovair.org\/2019\/01\/15\/abstract-submission-for-ft2019-is-now-open\/\">Abstract submission for FT2019 is now open<\/a><\/li>\n<li><a href=\"https:\/\/innovair.org\/2019\/01\/05\/rapport-fran-nffp-utvardering-2018\/\">NFFP Utv\u00e4rderingsrapport 2018<\/a><\/li>\n<\/ul>\n[\/vc_column_text][divider line_type=&#8221;Full Width Line&#8221; line_thickness=&#8221;1&#8243; divider_color=&#8221;default&#8221; custom_height=&#8221;50&#8243;][vc_column_text]\n<h2>2018<\/h2>\n<ul>\n<li><a href=\"https:\/\/innovair.org\/dokument\/innovair-nyhetsbrev\/\">Innovair nyhetsbrev 18-Q4<\/a><\/li>\n<li><a href=\"https:\/\/innovair.org\/2018\/10\/27\/ft-2019-invitation-call-for-papers\/\">FT2019 &#8211; CALL FOR PAPERS &#8211; DEADLINE 24 MARCH<\/a><\/li>\n<li><a href=\"https:\/\/innovair.org\/2018\/10\/24\/vinnova-utlysningar-av-intresse-for-smf\/\">Vinnov<\/a><a href=\"https:\/\/innovair.org\/2018\/10\/24\/vinnova-utlysningar-av-intresse-for-smf\/\">a-utlysningar av intresse f\u00f6r SMF<\/a><\/li>\n<li><a href=\"https:\/\/innovair.org\/innovair-arskonferens-2018-i-linkoping-19-sept\/\">Innovair \u00e5rskonferens 19 september 2018 \u2013 program\/presentationer<\/a><\/li>\n<li><a href=\"https:\/\/innovair.org\/uk-sweden-call-for-proposals-for-aerospace-rd-projects\/\">UK\u2013Sweden Bilateral Funding Call<\/a><\/li>\n<li><a href=\"https:\/\/innovair.org\/from-sarc-kickoff-and-inauguration-18-19-juni\/\">SARC kickoff 18\u201319 June \u2013 Swedish Aeronautical Research Center<\/a><\/li>\n<li><a href=\"https:\/\/innovair.org\/dokument\/innovair-nyhetsbrev\/\">Innovair nyhetsbrev 18-Q2<\/a><\/li>\n<li><a href=\"https:\/\/innovair.org\/seminarium-i-bryssel\/\">Swedish Aeronautics &amp; Space Seminar 2018 \u2013 Bryssel 3 maj<\/a><\/li>\n<li><a href=\"https:\/\/innovair.org\/ny-utlysning-smf-flyg-prel-deadline-4-maj-2018\/\">SMF Flyg-utlysning 2018<\/a><\/li>\n<li><a href=\"https:\/\/innovair.org\/invigning-i-kiruna-8-9-maj-av-acs-norra-noden\/\">Invigning 8\u20139 maj i Kiruna Aerospace Cluster Sweden \u2013 norra noden<\/a><\/li>\n<li><a href=\"https:\/\/innovair.org\/dokument\/innovair-nyhetsbrev\/\">Innovair nyhetsbrev 18-Q1<\/a><\/li>\n<li><a href=\"https:\/\/innovair.org\/utvardering-av-smf-flyg\/\">Utv\u00e4rdering av SMF Flyg \u2013 seminariedag 26 mars<\/a><\/li>\n<li><a href=\"https:\/\/innovair.org\/digidemoday-2018\/\">DigiDemoDay 20 mars 2018<\/a><\/li>\n<\/ul>\n[\/vc_column_text][divider line_type=&#8221;Full Width Line&#8221; line_thickness=&#8221;1&#8243; divider_color=&#8221;default&#8221; custom_height=&#8221;50&#8243;][vc_column_text]\n<h2>2017<\/h2>\n<ul>\n<li><a href=\"https:\/\/innovair.org\/dokument\/innovair-nyhetsbrev\/\">Innovair nyhetsbrev 17-Q4<\/a><\/li>\n<li><a href=\"https:\/\/innovair.org\/2017\/12\/09\/nffp7-ar-igang\/\">NFFP7 \u00e4r ig\u00e5ng<\/a><\/li>\n<li><a href=\"https:\/\/innovair.org\/2017\/12\/09\/innovair-utvarderat-2017\/\">Innovair utv\u00e4rderat 2017<\/a><\/li>\n<li><a href=\"https:\/\/innovair.org\/2017\/09\/05\/innovair-arskonferens-2017-20-september\/\">Innovair \u00e5rskonferens 2017 \u2013 presentationer<\/a><\/li>\n<li><a href=\"\/?p=3056\">NFFP7 \u2013 utlysning 1<\/a><\/li>\n<li><a href=\"https:\/\/innovair.org\/dokument\/innovair-nyhetsbrev\/\">Innovair nyhetsbrev 17-Q2<\/a><\/li>\n<li><a href=\"https:\/\/innovair.org\/dokument\/innovair-showcase\/\">Innovair showcase<\/a><\/li>\n<li><a href=\"\/?page_id=2844\">SMF Flyg seminarium 6 mars 2017 \u2013 referat och presentationer<\/a><\/li>\n<li><a href=\"https:\/\/innovair.org\/dokument\/innovair-nyhetsbrev\/\">Innovair nyhetsbrev 17-Q1<\/a><\/li>\n<li><a href=\"\/?p=2975\">DigiDemoDay 7 februari 2017 \u2013 referat och presentationer<\/a><\/li>\n<li><a href=\"\/?p=2459\">NFFP7 \u2013 uppstartsseminarium 27 januari 2017<\/a><\/li>\n<li><a href=\"\/?p=2516\">Nytt projekt f\u00f6r nationell &amp; regional klustersamverkan<\/a><\/li>\n<li><a href=\"\/?p=2532\">Regeringens flygstrategi januari 2017<\/a><\/li>\n<\/ul>\n[\/vc_column_text][divider line_type=&#8221;Full Width Line&#8221; line_thickness=&#8221;1&#8243; divider_color=&#8221;default&#8221; custom_height=&#8221;50&#8243;][vc_column_text]\n<h2>2016<\/h2>\n<ul>\n<li><a href=\"\/?p=1670\">MoU-avtal mellan Clean Sky och tv\u00e5 svenska regioner<\/a><\/li>\n<li><a href=\"\/?p=1946\">Forsknings- och innovationsagendan NRIA Flyg 2016 klar<\/a><\/li>\n<li><a href=\"\/?p=2124\">Innovair \u00e5rskonferens 20 september 2016 \u2013 presentationer<\/a><\/li>\n<li><a href=\"\/?p=2296\">Aerospace Technology Congress 11-12 October, 2016<\/a><\/li>\n<\/ul>\n[\/vc_column_text][\/vc_column][vc_column column_padding=&#8221;no-extra-padding&#8221; column_padding_tablet=&#8221;inherit&#8221; column_padding_phone=&#8221;inherit&#8221; column_padding_position=&#8221;all&#8221; background_color_opacity=&#8221;1&#8243; background_hover_color_opacity=&#8221;1&#8243; column_shadow=&#8221;none&#8221; column_border_radius=&#8221;none&#8221; column_link_target=&#8221;_self&#8221; gradient_direction=&#8221;left_to_right&#8221; overlay_strength=&#8221;0.3&#8243; width=&#8221;1\/6&#8243; tablet_width_inherit=&#8221;default&#8221; tablet_text_alignment=&#8221;default&#8221; phone_text_alignment=&#8221;default&#8221; column_border_width=&#8221;none&#8221; column_border_style=&#8221;solid&#8221; bg_image_animation=&#8221;none&#8221;][\/vc_column][\/vc_row]\n","protected":false},"excerpt":{"rendered":"<p>[vc_row type=&#8221;in_container&#8221; full_screen_row_position=&#8221;middle&#8221; column_margin=&#8221;default&#8221; column_direction=&#8221;default&#8221; column_direction_tablet=&#8221;default&#8221; column_direction_phone=&#8221;default&#8221; scene_position=&#8221;center&#8221; text_color=&#8221;dark&#8221; text_align=&#8221;left&#8221; row_border_radius=&#8221;none&#8221; row_border_radius_applies=&#8221;bg&#8221; overlay_strength=&#8221;0.3&#8243; gradient_direction=&#8221;left_to_right&#8221; shape_divider_position=&#8221;bottom&#8221; bg_image_animation=&#8221;none&#8221;][vc_column column_padding=&#8221;no-extra-padding&#8221; column_padding_tablet=&#8221;inherit&#8221; column_padding_phone=&#8221;inherit&#8221; column_padding_position=&#8221;all&#8221; background_color_opacity=&#8221;1&#8243; background_hover_color_opacity=&#8221;1&#8243; column_shadow=&#8221;none&#8221; column_border_radius=&#8221;none&#8221; column_link_target=&#8221;_self&#8221; gradient_direction=&#8221;left_to_right&#8221; overlay_strength=&#8221;0.3&#8243; width=&#8221;1\/6&#8243; tablet_width_inherit=&#8221;default&#8221; tablet_text_alignment=&#8221;default&#8221;&#8230;<\/p>\n","protected":false},"author":5,"featured_media":0,"parent":0,"menu_order":141,"comment_status":"closed","ping_status":"closed","template":"","meta":{"footnotes":""},"class_list":["post-3603","page","type-page","status-publish"],"aioseo_notices":[],"_links":{"self":[{"href":"https:\/\/innovair.org\/en\/wp-json\/wp\/v2\/pages\/3603","targetHints":{"allow":["GET"]}}],"collection":[{"href":"https:\/\/innovair.org\/en\/wp-json\/wp\/v2\/pages"}],"about":[{"href":"https:\/\/innovair.org\/en\/wp-json\/wp\/v2\/types\/page"}],"author":[{"embeddable":true,"href":"https:\/\/innovair.org\/en\/wp-json\/wp\/v2\/users\/5"}],"replies":[{"embeddable":true,"href":"https:\/\/innovair.org\/en\/wp-json\/wp\/v2\/comments?post=3603"}],"version-history":[{"count":10,"href":"https:\/\/innovair.org\/en\/wp-json\/wp\/v2\/pages\/3603\/revisions"}],"predecessor-version":[{"id":7625,"href":"https:\/\/innovair.org\/en\/wp-json\/wp\/v2\/pages\/3603\/revisions\/7625"}],"wp:attachment":[{"href":"https:\/\/innovair.org\/en\/wp-json\/wp\/v2\/media?parent=3603"}],"curies":[{"name":"wp","href":"https:\/\/api.w.org\/{rel}","templated":true}]}}